{"id":40,"date":"2017-08-14T08:29:30","date_gmt":"2017-08-14T08:29:30","guid":{"rendered":"http:\/\/kmk-schwandorf.de\/?page_id=40"},"modified":"2026-08-14T12:29:52","modified_gmt":"2026-08-14T12:29:52","slug":"aktuelles-3","status":"publish","type":"page","link":"https:\/\/kmk-schwandorf.de\/","title":{"rendered":"Startseite"},"content":{"rendered":"\t\t<div data-elementor-type=\"wp-page\" data-elementor-id=\"40\" class=\"elementor elementor-40\">\n\t\t\t\t\t\t<section class=\"elementor-section elementor-top-section elementor-element elementor-element-5651b1a8 elementor-section-full_width elementor-section-height-default elementor-section-height-default\" data-id=\"5651b1a8\" data-element_type=\"section\" data-e-type=\"section\">\n\t\t\t\t\t\t<div class=\"elementor-container elementor-column-gap-default\">\n\t\t\t\t\t<div class=\"elementor-column elementor-col-100 elementor-top-column elementor-element elementor-element-3827f185\" data-id=\"3827f185\" data-element_type=\"column\" data-e-type=\"column\">\n\t\t\t<div class=\"elementor-widget-wrap elementor-element-populated\">\n\t\t\t\t\t\t<div class=\"elementor-element elementor-element-4c2fe234 elementor-widget elementor-widget-text-editor\" data-id=\"4c2fe234\" data-element_type=\"widget\" data-e-type=\"widget\" data-widget_type=\"text-editor.default\">\n\t\t\t\t<div class=\"elementor-widget-container\">\n\t\t\t\t\t\t\t\t\t<h2>SOMMERPAUSE 2026<\/h2>\n<p>Wir befinden uns gerade in der Sommerpause!<\/p>\n<p>Chorproben beginnen wieder am 17. September 2026 bei der Fa. HORSCH\/FITZentrum, Sitzenhof 1, 92421 Schwandorf.<\/p>\n<p>Sie k\u00f6nnen uns jederzeit \u00fcber unsere Seite <strong><a href=\"https:\/\/kmk-schwandorf.de\/?page_id=20\" target=\"_blank\" rel=\"noopener\">Kontakt\/Spenden<\/a><\/strong>\u00a0eine Nachricht zukommen lassen.<\/p>\n<p>Bis dahin, w\u00fcnschen wir allen Besucherinnen und Besuchern unserer Websites sch\u00f6ne Sommertage mit Abk\u00fchlung!<\/p>\n<p>Ihr<\/p>\n<p>KMK-F\u00f6rdervereinigungs-Team<\/p>\n<p>\u00a0<\/p>\n<h2>Konrad Max Kunz<\/h2>\n<p><strong>Unser Namensgeber Konrad Max Kunz, 1812 in Schwandorf geboren, war Komponist, Musikp\u00e4dagoge und einer der f\u00fchrenden Vertreter der Chor-und S\u00e4ngerbewegung des 19. Jahrhunderts. 1860 hat er die Melodie der sp\u00e4teren Bayernhymne komponiert.<\/strong><\/p>\n<p>\u00a0Wir sind ein gemeinn\u00fctziger Verein, der sich die Musik- und Kulturpflege in Stadt- und Landkreis Schwandorf zur Aufgabe gemacht hat.<\/p>\n<p>\u00a0<\/p>\n<figure id=\"attachment_988\" aria-describedby=\"caption-attachment-988\" style=\"width: 1340px\" class=\"wp-caption alignleft\"><img fetchpriority=\"high\" decoding=\"async\" class=\"size-full wp-image-988\" src=\"https:\/\/kmk-schwandorf.de\/wp-content\/uploads\/2026\/08\/DSC_3545-1.jpg\" alt=\"\" width=\"1340\" height=\"893\" srcset=\"https:\/\/kmk-schwandorf.de\/wp-content\/uploads\/2026\/08\/DSC_3545-1.jpg 1340w, https:\/\/kmk-schwandorf.de\/wp-content\/uploads\/2026\/08\/DSC_3545-1-300x200.jpg 300w, https:\/\/kmk-schwandorf.de\/wp-content\/uploads\/2026\/08\/DSC_3545-1-1024x682.jpg 1024w, https:\/\/kmk-schwandorf.de\/wp-content\/uploads\/2026\/08\/DSC_3545-1-768x512.jpg 768w\" sizes=\"(max-width: 1340px) 100vw, 1340px\" \/><figcaption id=\"caption-attachment-988\" class=\"wp-caption-text\">Oratorienchor Schwandorf 2026<br \/>Bild: Dietmar Zwick<\/figcaption><\/figure>\n<p><a href=\"http:\/\/oratorienchor-schwandorf.de\/ target=\"><br \/><br \/><\/a><\/p>\n<p><a href=\"http:\/\/oratorienchor-schwandorf.de\/\"><br \/><\/a><a href=\"http:\/\/oratorienchor-schwandorf.de\/\" target=\"_blank\" rel=\"noopener\"><img decoding=\"async\" class=\"alignnone\" title=\"LOGO CHOR\" src=\"https:\/\/kmk-schwandorf.de\/wp-content\/uploads\/elementor\/thumbs\/LOGO-CHOR-oslc0uhk8b0edrze544s6ff7llsepeumzzhzsyl65q.png\" alt=\"LOGO CHOR\" width=\"150\" height=\"75\" \/><\/a><\/p>\t\t\t\t\t\t\t\t<\/div>\n\t\t\t\t<\/div>\n\t\t\t\t\t<\/div>\n\t\t<\/div>\n\t\t\t\t\t<\/div>\n\t\t<\/section>\n\t\t\t\t<section class=\"elementor-section elementor-top-section elementor-element elementor-element-807e430 elementor-section-boxed elementor-section-height-default elementor-section-height-default\" data-id=\"807e430\" data-element_type=\"section\" data-e-type=\"section\">\n\t\t\t\t\t\t<div class=\"elementor-container elementor-column-gap-default\">\n\t\t\t\t\t<div class=\"elementor-column elementor-col-100 elementor-top-column elementor-element elementor-element-aa89ad6\" data-id=\"aa89ad6\" data-element_type=\"column\" data-e-type=\"column\">\n\t\t\t<div class=\"elementor-widget-wrap elementor-element-populated\">\n\t\t\t\t\t\t\t<\/div>\n\t\t<\/div>\n\t\t\t\t\t<\/div>\n\t\t<\/section>\n\t\t\t\t<\/div>\n\t\t","protected":false},"excerpt":{"rendered":"<p>SOMMERPAUSE 2026 Wir befinden uns gerade in der Sommerpause! Chorproben beginnen wieder am 17. September 2026 bei der Fa. HORSCH\/FITZentrum, Sitzenhof 1, 92421 Schwandorf. Sie k\u00f6nnen uns jederzeit \u00fcber unsere &#8230;<\/p>\n","protected":false},"author":1,"featured_media":0,"parent":0,"menu_order":0,"comment_status":"closed","ping_status":"closed","template":"","meta":{"footnotes":""},"class_list":["post-40","page","type-page","status-publish","hentry"],"_links":{"self":[{"href":"https:\/\/kmk-schwandorf.de\/index.php?rest_route=\/wp\/v2\/pages\/40","targetHints":{"allow":["GET"]}}],"collection":[{"href":"https:\/\/kmk-schwandorf.de\/index.php?rest_route=\/wp\/v2\/pages"}],"about":[{"href":"https:\/\/kmk-schwandorf.de\/index.php?rest_route=\/wp\/v2\/types\/page"}],"author":[{"embeddable":true,"href":"https:\/\/kmk-schwandorf.de\/index.php?rest_route=\/wp\/v2\/users\/1"}],"replies":[{"embeddable":true,"href":"https:\/\/kmk-schwandorf.de\/index.php?rest_route=%2Fwp%2Fv2%2Fcomments&post=40"}],"version-history":[{"count":150,"href":"https:\/\/kmk-schwandorf.de\/index.php?rest_route=\/wp\/v2\/pages\/40\/revisions"}],"predecessor-version":[{"id":1009,"href":"https:\/\/kmk-schwandorf.de\/index.php?rest_route=\/wp\/v2\/pages\/40\/revisions\/1009"}],"wp:attachment":[{"href":"https:\/\/kmk-schwandorf.de\/index.php?rest_route=%2Fwp%2Fv2%2Fmedia&parent=40"}],"curies":[{"name":"wp","href":"https:\/\/api.w.org\/{rel}","templated":true}]}}