{"id":18,"date":"2017-08-14T08:07:50","date_gmt":"2017-08-14T08:07:50","guid":{"rendered":"http:\/\/kmk-schwandorf.de\/?page_id=18"},"modified":"2026-08-14T12:05:59","modified_gmt":"2026-08-14T12:05:59","slug":"projekte","status":"publish","type":"page","link":"https:\/\/kmk-schwandorf.de\/?page_id=18","title":{"rendered":"\u00dcber Uns"},"content":{"rendered":"\t\t<div data-elementor-type=\"wp-page\" data-elementor-id=\"18\" class=\"elementor elementor-18\">\n\t\t\t\t\t\t<section class=\"elementor-section elementor-top-section elementor-element elementor-element-646d84a2 elementor-section-boxed elementor-section-height-default elementor-section-height-default\" data-id=\"646d84a2\" data-element_type=\"section\" data-e-type=\"section\">\n\t\t\t\t\t\t<div class=\"elementor-container elementor-column-gap-default\">\n\t\t\t\t\t<div class=\"elementor-column elementor-col-100 elementor-top-column elementor-element elementor-element-5e135929\" data-id=\"5e135929\" data-element_type=\"column\" data-e-type=\"column\">\n\t\t\t<div class=\"elementor-widget-wrap elementor-element-populated\">\n\t\t\t\t\t\t<div class=\"elementor-element elementor-element-5dd1d9bd elementor-widget elementor-widget-text-editor\" data-id=\"5dd1d9bd\" data-element_type=\"widget\" data-e-type=\"widget\" data-widget_type=\"text-editor.default\">\n\t\t\t\t<div class=\"elementor-widget-container\">\n\t\t\t\t\t\t\t\t\t<p>Die\u00a0<strong>Konrad Max Kunz F\u00f6rdervereinigung e.V.<\/strong>\u00a0ist mit ihren Konzerten und Auftritten ein wichtiger Bestandteil des Schwandorfer Kulturlebens.<\/p>\n<p><!-- \/wp:paragraph --><!-- wp:paragraph --><\/p>\n<figure id=\"attachment_923\" aria-describedby=\"caption-attachment-923\" style=\"width: 1340px\" class=\"wp-caption alignnone\"><img fetchpriority=\"high\" decoding=\"async\" class=\"size-full wp-image-923\" src=\"https:\/\/kmk-schwandorf.de\/wp-content\/uploads\/2026\/08\/DSC_3518_1.jpg\" alt=\"\" width=\"1340\" height=\"893\" srcset=\"https:\/\/kmk-schwandorf.de\/wp-content\/uploads\/2026\/08\/DSC_3518_1.jpg 1340w, https:\/\/kmk-schwandorf.de\/wp-content\/uploads\/2026\/08\/DSC_3518_1-300x200.jpg 300w, https:\/\/kmk-schwandorf.de\/wp-content\/uploads\/2026\/08\/DSC_3518_1-1024x682.jpg 1024w, https:\/\/kmk-schwandorf.de\/wp-content\/uploads\/2026\/08\/DSC_3518_1-768x512.jpg 768w\" sizes=\"(max-width: 1340px) 100vw, 1340px\" \/><figcaption id=\"caption-attachment-923\" class=\"wp-caption-text\">Oratorienchor Schwandorf 2026<br \/>Bild: Dietmar Zwick<\/figcaption><\/figure>\n<p>\u00a0<\/p>\n<hr \/>\n<p><!-- \/wp:paragraph --><!-- wp:image {\"id\":481,\"sizeSlug\":\"large\",\"linkDestination\":\"none\"} --><\/p>\n<figure class=\"wp-block-image size-large\"><\/figure>\n<p><!-- \/wp:image --><!-- wp:paragraph --><\/p>\n<p><!-- \/wp:paragraph --><!-- wp:paragraph --><\/p>\n<p><!-- \/wp:paragraph --><!-- wp:paragraph --><\/p>\n<p><!-- \/wp:paragraph --><!-- wp:paragraph --><\/p>\n<p><!-- \/wp:paragraph --><!-- wp:heading {\"level\":3} --><\/p>\n<h3 class=\"wp-block-heading\">ORATORIENCHOR<\/h3>\n<p><!-- \/wp:heading --><!-- wp:paragraph --><\/p>\n<p><!-- \/wp:paragraph --><!-- wp:paragraph --><\/p>\n<p>Der Oratorienchor Schwandorf ist das Aush\u00e4ngeschild der Konrad Max Kunz F\u00f6rdervereinigung.<\/p>\n<p>Er wurde im Jahr 2000 von Robert Schander gegr\u00fcndet. Nach Robert Schanders Tod, 2010, \u00fcbernahm Marek Vorlicek die Leitung. Seit 2014 f\u00fchrt Kreiskantor, Chorleiter und Dirigent Wolfgang Kraus Regie.<\/p>\n<p>Der Oratorienchor widmet sich (wie der Namen schon sagt) vornehmlich der gro\u00dfen europ\u00e4ischen Oratorienliteratur. Hier ein paar Beispiele:<br \/>J. S. Bachs &#8222;Weihnachtsoratorium&#8220;, H\u00e4ndels &#8222;Messias&#8220;, Requiems von Mozart und Brahms, Orffs &#8222;Carmina Burana&#8220; sowie kleinere Werke wie Vivaldis &#8222;Gloria&#8220; und Charpentiers &#8222;Te Deum&#8220;.<\/p>\n<p>Im zwanzigsten Jahr seines Bestehens wurde der Oratorienchor mit Ausbruch der Corona-Pandemie konfrontiert. Trotz widriger Umst\u00e4nde, gingen die Chorproben weiter und die Konzertreihe setzte sich 2021 mit Rossinis &#8222;Petite Messe solennelle&#8220; fort.<\/p>\n<p>Im Sommer 2022 wagte der Oratorienchor, zum ersten Mal in seiner Geschichte, den Schritt in die Welt der Oper. Mit Bravour.<\/p>\n<p>Mal sehen, was die Zukunft bringt!<\/p>\n<p><!-- \/wp:paragraph --><!-- wp:image {\"id\":298,\"sizeSlug\":\"large\",\"linkDestination\":\"none\"} --><\/p>\n<figure class=\"wp-block-image size-large\"><img decoding=\"async\" width=\"1024\" height=\"683\" class=\"wp-image-298\" src=\"https:\/\/kmk-schwandorf.de\/wp-content\/uploads\/2020\/07\/KRAUS-2-1024x683.jpg\" alt=\"\" srcset=\"https:\/\/kmk-schwandorf.de\/wp-content\/uploads\/2020\/07\/KRAUS-2-1024x683.jpg 1024w, https:\/\/kmk-schwandorf.de\/wp-content\/uploads\/2020\/07\/KRAUS-2-300x200.jpg 300w, https:\/\/kmk-schwandorf.de\/wp-content\/uploads\/2020\/07\/KRAUS-2-768x512.jpg 768w, https:\/\/kmk-schwandorf.de\/wp-content\/uploads\/2020\/07\/KRAUS-2-1536x1025.jpg 1536w, https:\/\/kmk-schwandorf.de\/wp-content\/uploads\/2020\/07\/KRAUS-2-2048x1367.jpg 2048w\" sizes=\"(max-width: 1024px) 100vw, 1024px\" \/>\n<p>\u00a0<\/p>\n<figcaption class=\"wp-element-caption\">Wolfgang Kraus<\/figcaption>\n<\/figure>\n<p><!-- \/wp:image --><\/p>\t\t\t\t\t\t\t\t<\/div>\n\t\t\t\t<\/div>\n\t\t\t\t\t<\/div>\n\t\t<\/div>\n\t\t\t\t\t<\/div>\n\t\t<\/section>\n\t\t\t\t<\/div>\n\t\t","protected":false},"excerpt":{"rendered":"<p>Die\u00a0Konrad Max Kunz F\u00f6rdervereinigung e.V.\u00a0ist mit ihren Konzerten und Auftritten ein wichtiger Bestandteil des Schwandorfer Kulturlebens. \u00a0 ORATORIENCHOR Der Oratorienchor Schwandorf ist das Aush\u00e4ngeschild der Konrad Max Kunz F\u00f6rdervereinigung. Er &#8230;<\/p>\n","protected":false},"author":1,"featured_media":0,"parent":0,"menu_order":0,"comment_status":"closed","ping_status":"closed","template":"","meta":{"footnotes":""},"class_list":["post-18","page","type-page","status-publish","hentry"],"_links":{"self":[{"href":"https:\/\/kmk-schwandorf.de\/index.php?rest_route=\/wp\/v2\/pages\/18","targetHints":{"allow":["GET"]}}],"collection":[{"href":"https:\/\/kmk-schwandorf.de\/index.php?rest_route=\/wp\/v2\/pages"}],"about":[{"href":"https:\/\/kmk-schwandorf.de\/index.php?rest_route=\/wp\/v2\/types\/page"}],"author":[{"embeddable":true,"href":"https:\/\/kmk-schwandorf.de\/index.php?rest_route=\/wp\/v2\/users\/1"}],"replies":[{"embeddable":true,"href":"https:\/\/kmk-schwandorf.de\/index.php?rest_route=%2Fwp%2Fv2%2Fcomments&post=18"}],"version-history":[{"count":43,"href":"https:\/\/kmk-schwandorf.de\/index.php?rest_route=\/wp\/v2\/pages\/18\/revisions"}],"predecessor-version":[{"id":982,"href":"https:\/\/kmk-schwandorf.de\/index.php?rest_route=\/wp\/v2\/pages\/18\/revisions\/982"}],"wp:attachment":[{"href":"https:\/\/kmk-schwandorf.de\/index.php?rest_route=%2Fwp%2Fv2%2Fmedia&parent=18"}],"curies":[{"name":"wp","href":"https:\/\/api.w.org\/{rel}","templated":true}]}}